{"id":1090,"date":"2020-06-28T13:53:57","date_gmt":"2020-06-28T13:53:57","guid":{"rendered":"https:\/\/emadtas.com\/?page_id=1090"},"modified":"2020-06-28T14:22:40","modified_gmt":"2020-06-28T14:22:40","slug":"notre-equipe","status":"publish","type":"page","link":"https:\/\/emadtas.com\/fr\/notre-equipe\/","title":{"rendered":"Notre \u00e9quipe"},"content":{"rendered":"<section class=\"kc-elm kc-css-382057 kc_row\"><div class=\"kc-row-container  kc-container\"><div class=\"kc-wrap-columns\"><div class=\"kc-elm kc-css-255661 kc_col-sm-12 kc_column kc_col-sm-12\"><div class=\"kc-col-container\">\r\n\r\n<!-- Our Team -->\r\n<section class=\"our-team sp-two\">\r\n\t<div class=\"container\">\r\n\t\t<div class=\"row\">\r\n        \t\t\t\t<!-- Team member -->\r\n\t\t\t<div class=\"team-block-two col-lg-6\">\r\n\t\t\t\t<div class=\"inner-box\">\r\n\t\t\t\t\t<div class=\"image\">\r\n\t\t\t\t\t\t<a href=\"https:\/\/emadtas.com\/teams\/mehmet-kocak\/\"><img width=\"256\" height=\"344\" src=\"https:\/\/emadtas.com\/wp-content\/uploads\/2019\/12\/team-default.png\" class=\"attachment-bremond_270x360 size-bremond_270x360 wp-post-image\" alt=\"\" loading=\"lazy\" srcset=\"https:\/\/emadtas.com\/wp-content\/uploads\/2019\/12\/team-default.png 256w, https:\/\/emadtas.com\/wp-content\/uploads\/2019\/12\/team-default-223x300.png 223w\" sizes=\"(max-width: 256px) 100vw, 256px\" \/><\/a>\r\n\t\t\t\t\t\t<div class=\"overlay-box\"><\/div>\r\n\t\t\t\t\t<\/div>\r\n\t\t\t\t\t<div class=\"lower-box\">\r\n\t\t\t\t\t\t<h4><a href=\"https:\/\/emadtas.com\/teams\/mehmet-kocak\/\">M. Mehmet KO\u00c7AK<\/a><\/h4>\r\n\t\t\t\t\t\t<div class=\"designation\"><\/div>\r\n\t\t\t\t\t\t<div class=\"text\">Mehmet est Cofondateur et Directeur Associ\u00e9 d&rsquo;EMA. Dipl\u00f4m\u00e9 de l&rsquo;Universit\u00e9 de Bo\u011fazi\u00e7i en 1990 avec un BA en gestion \u00e9conomique et financi\u00e8re, Mehmet a rejoint le Bureau d&rsquo;Istanbul de l&rsquo;Organisation Mondiale Arthur Andersen o\u00f9 il ...<\/div>\r\n\t\t\t\t\t\t                        <ul class=\"social-links clearfix\">\r\n\t\t\t\t\t\t\t                            <li><a href=\"https:\/\/www.facebook.com\/emadanismanlik\" target=\"_blank\"><span class=\"fa fa fa-facebook\"><\/span><\/a><\/li>\r\n                            \t\t\t\t\t\t<\/ul>\r\n                        \t\t\t\t\t<\/div>\r\n\t\t\t\t<\/div>\r\n\t\t\t<\/div>\r\n            \t\t\t<!-- Team member -->\r\n\t\t\t<div class=\"team-block-two col-lg-6\">\r\n\t\t\t\t<div class=\"inner-box\">\r\n\t\t\t\t\t<div class=\"image\">\r\n\t\t\t\t\t\t<a href=\"https:\/\/emadtas.com\/teams\/ebru-kocak\/\"><img width=\"256\" height=\"344\" src=\"https:\/\/emadtas.com\/wp-content\/uploads\/2019\/12\/team-default.png\" class=\"attachment-bremond_270x360 size-bremond_270x360 wp-post-image\" alt=\"\" loading=\"lazy\" srcset=\"https:\/\/emadtas.com\/wp-content\/uploads\/2019\/12\/team-default.png 256w, https:\/\/emadtas.com\/wp-content\/uploads\/2019\/12\/team-default-223x300.png 223w\" sizes=\"(max-width: 256px) 100vw, 256px\" \/><\/a>\r\n\t\t\t\t\t\t<div class=\"overlay-box\"><\/div>\r\n\t\t\t\t\t<\/div>\r\n\t\t\t\t\t<div class=\"lower-box\">\r\n\t\t\t\t\t\t<h4><a href=\"https:\/\/emadtas.com\/teams\/ebru-kocak\/\">Mme. Ebru KO\u00c7AK<\/a><\/h4>\r\n\t\t\t\t\t\t<div class=\"designation\"><\/div>\r\n\t\t\t\t\t\t<div class=\"text\">Ebru est Cofondatrice et Directrice Associ\u00e9e d&rsquo;EMA. Apr\u00e8s avoir obtenu un baccalaur\u00e9at en administration des affaires de l&rsquo;Universit\u00e9 de Bo\u011fazi\u00e7i en 1991, Ebru a rejoint le bureau d&rsquo;Istanbul de la soci\u00e9t\u00e9 Arthur Andersen Worldwide, o\u00f9 ...<\/div>\r\n\t\t\t\t\t\t                        <ul class=\"social-links clearfix\">\r\n\t\t\t\t\t\t\t                            <li><a href=\"https:\/\/www.facebook.com\/emadanismanlik\" target=\"_blank\"><span class=\"fa fa fa-facebook\"><\/span><\/a><\/li>\r\n                            \t\t\t\t\t\t<\/ul>\r\n                        \t\t\t\t\t<\/div>\r\n\t\t\t\t<\/div>\r\n\t\t\t<\/div>\r\n            \t\t\t<!-- end -->\r\n\t\t<\/div>\r\n\t<\/div>\r\n<\/section>\r\n\r\n<\/div><\/div><\/div><\/div><\/section>\n","protected":false},"excerpt":{"rendered":"","protected":false},"author":1,"featured_media":0,"parent":0,"menu_order":0,"comment_status":"closed","ping_status":"closed","template":"tpl-king_composer.php","meta":[],"_links":{"self":[{"href":"https:\/\/emadtas.com\/fr\/wp-json\/wp\/v2\/pages\/1090"}],"collection":[{"href":"https:\/\/emadtas.com\/fr\/wp-json\/wp\/v2\/pages"}],"about":[{"href":"https:\/\/emadtas.com\/fr\/wp-json\/wp\/v2\/types\/page"}],"author":[{"embeddable":true,"href":"https:\/\/emadtas.com\/fr\/wp-json\/wp\/v2\/users\/1"}],"replies":[{"embeddable":true,"href":"https:\/\/emadtas.com\/fr\/wp-json\/wp\/v2\/comments?post=1090"}],"version-history":[{"count":5,"href":"https:\/\/emadtas.com\/fr\/wp-json\/wp\/v2\/pages\/1090\/revisions"}],"predecessor-version":[{"id":1122,"href":"https:\/\/emadtas.com\/fr\/wp-json\/wp\/v2\/pages\/1090\/revisions\/1122"}],"wp:attachment":[{"href":"https:\/\/emadtas.com\/fr\/wp-json\/wp\/v2\/media?parent=1090"}],"curies":[{"name":"wp","href":"https:\/\/api.w.org\/{rel}","templated":true}]}}